{"id":2856,"date":"2026-03-31T17:57:39","date_gmt":"2026-03-31T15:57:39","guid":{"rendered":"https:\/\/famipaberlin.de\/?page_id=2856"},"modified":"2026-04-29T15:24:53","modified_gmt":"2026-04-29T13:24:53","slug":"hakkimizda-2","status":"publish","type":"page","link":"https:\/\/famipaberlin.de\/tr\/hakkimizda-2\/","title":{"rendered":"Destek bulun"},"content":{"rendered":"\t\t<div data-elementor-type=\"wp-page\" data-elementor-id=\"2856\" class=\"elementor elementor-2856 elementor-2852\" data-elementor-post-type=\"page\">\n\t\t\t\t<div class=\"elementor-element elementor-element-3ee83d1 e-grid page-start-section e-con-boxed e-con e-parent\" data-id=\"3ee83d1\" data-element_type=\"container\" data-e-type=\"container\">\n\t\t\t\t\t<div class=\"e-con-inner\">\n\t\t\t\t<div class=\"elementor-element elementor-element-b0bc248 elementor-hidden-tablet elementor-hidden-mobile elementor-widget elementor-widget-image\" data-id=\"b0bc248\" data-element_type=\"widget\" data-e-type=\"widget\" data-widget_type=\"image.default\">\n\t\t\t\t\t\t\t\t\t\t\t\t\t\t\t<img fetchpriority=\"high\" decoding=\"async\" width=\"2560\" height=\"1810\" src=\"https:\/\/famipaberlin.de\/wp-content\/uploads\/07-1-scaled.jpg\" class=\"attachment-full size-full wp-image-2981\" alt=\"\" srcset=\"https:\/\/famipaberlin.de\/wp-content\/uploads\/07-1-scaled.jpg 2560w, https:\/\/famipaberlin.de\/wp-content\/uploads\/07-1-300x212.jpg 300w, https:\/\/famipaberlin.de\/wp-content\/uploads\/07-1-1024x724.jpg 1024w, https:\/\/famipaberlin.de\/wp-content\/uploads\/07-1-768x543.jpg 768w, https:\/\/famipaberlin.de\/wp-content\/uploads\/07-1-1536x1086.jpg 1536w, https:\/\/famipaberlin.de\/wp-content\/uploads\/07-1-2048x1448.jpg 2048w\" sizes=\"(max-width: 2560px) 100vw, 2560px\" \/>\t\t\t\t\t\t\t\t\t\t\t\t\t\t\t<\/div>\n\t\t<div class=\"elementor-element elementor-element-391c7d6 e-con-full e-flex e-con e-child\" data-id=\"391c7d6\" data-element_type=\"container\" data-e-type=\"container\">\n\t\t\t\t<div class=\"elementor-element elementor-element-811e1e1 elementor-widget elementor-widget-heading\" data-id=\"811e1e1\" data-element_type=\"widget\" data-e-type=\"widget\" data-widget_type=\"heading.default\">\n\t\t\t\t\t<h1 class=\"elementor-heading-title\">Destek bulun<\/h1>\t\t\t\t<\/div>\n\t\t\t\t<div class=\"elementor-element elementor-element-492ecbe elementor-hidden-desktop elementor-widget elementor-widget-image\" data-id=\"492ecbe\" data-element_type=\"widget\" data-e-type=\"widget\" data-widget_type=\"image.default\">\n\t\t\t\t\t\t\t\t\t\t\t\t\t\t\t<img decoding=\"async\" width=\"608\" height=\"579\" src=\"https:\/\/famipaberlin.de\/wp-content\/uploads\/ueber-uns-intro-img-nv.jpg\" class=\"attachment-full size-full wp-image-1976\" alt=\"6 ki\u015fi birbiriyle konu\u015fuyor\" srcset=\"https:\/\/famipaberlin.de\/wp-content\/uploads\/ueber-uns-intro-img-nv.jpg 608w, https:\/\/famipaberlin.de\/wp-content\/uploads\/ueber-uns-intro-img-nv-300x286.jpg 300w\" sizes=\"(max-width: 608px) 100vw, 608px\" \/>\t\t\t\t\t\t\t\t\t\t\t\t\t\t\t<\/div>\n\t\t\t\t<div class=\"elementor-element elementor-element-639be15 elementor-widget elementor-widget-text-editor\" data-id=\"639be15\" data-element_type=\"widget\" data-e-type=\"widget\" data-widget_type=\"text-editor.default\">\n\t\t\t\t\t\t\t\t\t<p>Burada Berlin&#8217;deki \u00f6nemli yerlerin bir listesini bulacaks\u0131n\u0131z. Ya\u015fl\u0131l\u0131kta bak\u0131m ve yard\u0131m hakk\u0131nda sorular\u0131n\u0131z varsa bu yerlere gidebilirsiniz.  Burada bak\u0131mla ilgili t\u00fcm konularda yard\u0131m alabilirsiniz.  <\/p>\n<p>Bak\u0131m\u0131n ne oldu\u011funu bilmiyorsan\u0131z, bak\u0131m, bir ki\u015finin hasta veya ya\u015fl\u0131 oldu\u011fu i\u00e7in yard\u0131m almas\u0131 anlam\u0131na gelir.  <\/p>\n<p>\u00d6rne\u011fin: birisi y\u0131kanmaya veya giyinmeye yard\u0131m eder.  <\/p>\t\t\t\t\t\t\t\t<\/div>\n\t\t\t\t<\/div>\n\t\t\t\t\t<\/div>\n\t\t\t\t<\/div>\n\t\t<div class=\"elementor-element elementor-element-8aaff85 e-flex e-con-boxed e-con e-parent\" data-id=\"8aaff85\" data-element_type=\"container\" data-e-type=\"container\" data-settings=\"{&quot;background_background&quot;:&quot;classic&quot;}\">\n\t\t\t\t\t<div class=\"e-con-inner\">\n\t\t\t\t<div class=\"elementor-element elementor-element-e3de7a3 elementor-widget elementor-widget-n-accordion\" data-id=\"e3de7a3\" data-element_type=\"widget\" data-e-type=\"widget\" data-settings=\"{&quot;default_state&quot;:&quot;expanded&quot;,&quot;max_items_expended&quot;:&quot;one&quot;,&quot;n_accordion_animation_duration&quot;:{&quot;unit&quot;:&quot;ms&quot;,&quot;size&quot;:400,&quot;sizes&quot;:[]}}\" data-widget_type=\"nested-accordion.default\">\n\t\t\t\t\t\t\t<div class=\"e-n-accordion\" aria-label=\"Accordion. Open links with Enter or Space, close with Escape, and navigate with Arrow Keys\">\n\t\t\t\t\t\t<details id=\"e-n-accordion-item-2380\" class=\"e-n-accordion-item\" open>\n\t\t\t\t<summary class=\"e-n-accordion-item-title\" data-accordion-index=\"1\" tabindex=\"0\" aria-expanded=\"true\" aria-controls=\"e-n-accordion-item-2380\" >\n\t\t\t\t\t<span class='e-n-accordion-item-title-header'><h2 class=\"e-n-accordion-item-title-text\"> LGBT\u0130*, ya\u015f(lama) ve bak\u0131m merkezi <\/h2><\/span>\n\t\t\t\t\t\t\t<span class='e-n-accordion-item-title-icon'>\n\t\t\t<span class='e-opened' ><svg xmlns=\"http:\/\/www.w3.org\/2000\/svg\" width=\"32\" height=\"32\" viewBox=\"0 0 32 32\" fill=\"none\"><path d=\"M23.0158 6.98418L7.08612 22.9139C6.79806 23.2019 6.63473 23.5911 6.63205 23.9958C6.62937 24.4005 6.78756 24.7876 7.07182 25.0718C7.35609 25.3561 7.74314 25.5143 8.14784 25.5116C8.55253 25.5089 8.94171 25.3456 9.22977 25.0575L25.1595 9.12783C25.4475 8.83977 25.6109 8.45059 25.6135 8.0459C25.6162 7.64121 25.458 7.25416 25.1738 6.96989C24.8895 6.68563 24.5024 6.52743 24.0977 6.53011C23.6931 6.53279 23.3039 6.69613 23.0158 6.98418Z\" fill=\"#70155C\"><\/path><path d=\"M25.1594 23.0158L9.22967 7.08612C8.94161 6.79806 8.55243 6.63473 8.14774 6.63205C7.74305 6.62937 7.356 6.78756 7.07173 7.07182C6.78746 7.35609 6.62927 7.74314 6.63195 8.14784C6.63463 8.55253 6.79797 8.94171 7.08602 9.22977L23.0157 25.1595C23.3038 25.4475 23.693 25.6109 24.0977 25.6135C24.5023 25.6162 24.8894 25.458 25.1737 25.1738C25.4579 24.8895 25.6161 24.5024 25.6134 24.0977C25.6108 23.6931 25.4474 23.3039 25.1594 23.0158Z\" fill=\"#70155C\"><\/path><\/svg><\/span>\n\t\t\t<span class='e-closed'><svg xmlns=\"http:\/\/www.w3.org\/2000\/svg\" width=\"32\" height=\"32\" viewBox=\"0 0 32 32\" fill=\"none\"><path d=\"M23.1162 11.4697C23.2139 11.3721 23.3721 11.3721 23.4697 11.4697L23.8232 11.8232C23.9209 11.9209 23.9208 12.0791 23.8232 12.1768L16.1768 19.8232C16.0791 19.9209 15.9209 19.9209 15.8232 19.8232L8.17676 12.1768C8.07914 12.0791 8.07913 11.9209 8.17676 11.8232L8.53027 11.4697C8.62789 11.3721 8.78615 11.3721 8.88379 11.4697L16 18.5859L23.1162 11.4697Z\" fill=\"#1F1105\" stroke=\"#1F1105\"><\/path><\/svg><\/span>\n\t\t<\/span>\n\n\t\t\t\t\t\t<\/summary>\n\t\t\t\t<div role=\"region\" aria-labelledby=\"e-n-accordion-item-2380\" class=\"elementor-element elementor-element-53b1c53 e-flex e-con-boxed e-con e-child\" data-id=\"53b1c53\" data-element_type=\"container\" data-e-type=\"container\" data-settings=\"{&quot;background_background&quot;:&quot;classic&quot;}\">\n\t\t\t\t\t<div class=\"e-con-inner\">\n\t\t\t\t<div class=\"elementor-element elementor-element-e4b34a2 elementor-widget elementor-widget-image\" data-id=\"e4b34a2\" data-element_type=\"widget\" data-e-type=\"widget\" data-widget_type=\"image.default\">\n\t\t\t\t\t\t\t\t\t\t\t\t\t\t\t<img decoding=\"async\" src=\"https:\/\/famipaberlin.de\/wp-content\/uploads\/Schriftzug-Fachstelle-Altern-und-Pflege-rosa-standard.jpg\" title=\"Ya\u015flanma ve bak\u0131m i\u00e7in uzman merkez yaz\u0131s\u0131 &#8211; pembe standart\" alt=\"Ya\u015flanma ve bak\u0131m i\u00e7in uzman merkez yaz\u0131s\u0131 - pembe standart\" loading=\"lazy\" \/>\t\t\t\t\t\t\t\t\t\t\t\t\t\t\t<\/div>\n\t\t\t\t<div class=\"elementor-element elementor-element-d19b9d6 elementor-widget elementor-widget-text-editor\" data-id=\"d19b9d6\" data-element_type=\"widget\" data-e-type=\"widget\" data-widget_type=\"text-editor.default\">\n\t\t\t\t\t\t\t\t\t<p>LGBTI*, Ya\u015flanma ve Bak\u0131m uzmanl\u0131k merkezi, Berlin&#8217;deki lezbiyen kad\u0131nlar\u0131, gey erkekleri, bi-(cinsel) bireyleri, trans bireyleri, inter bireyleri ve queer bireyleri desteklemektedir. Berlin&#8217;de 450.000&#8217;den fazla insan lezbiyen kad\u0131nlar, gey erkekler, bi-(cinsel) bireyler, trans bireyler, inter bireyler ve queer bireylerden olu\u015fmaktad\u0131r. <\/p><p>LGBT\u0130*, ya\u015flanma ve bak\u0131m merkezi \u015funlar\u0131 sunar:<\/p><ul><li>\u00dccretsiz ve gizli dan\u0131\u015fmanl\u0131k<\/li><li>Bak\u0131m ve destek hakk\u0131nda bilgi<\/li><li>LGBT\u0130* dostu bak\u0131m hizmetleriyle ileti\u015fime ge\u00e7in<\/li><li>Korku ve ayr\u0131mc\u0131l\u0131\u011fa kar\u015f\u0131 yard\u0131m<\/li><li>Grup teklifleri ve de\u011fi\u015fim<\/li><li>Zor ya\u015fam ko\u015fullar\u0131nda destek<\/li><\/ul><p>Hedefimiz \u015fudur: LGBT\u0130* bireyler ya\u015fl\u0131l\u0131k d\u00f6nemlerinde g\u00fcven i\u00e7inde ya\u015fayabilmelidir. Sayg\u0131 g\u00f6rmelidirler. Destek bulabilmelidirler. Kendilerini yaln\u0131z hissetmek zorunda kalmamal\u0131lar.   <\/p><p>Web sitesi: <a href=\"https:\/\/schwulenberatungberlin.de\/wir-helfen\/fachstelle-lsbti-altern-und-pflege\/\">FACHSTELLE LSBTI*, ALTERN UND PFLEGE &#8211; Berlin E\u015fcinsel Dan\u0131\u015fmanl\u0131\u011f\u0131<\/a><\/p><p>Telefon: 030 44 66 88 111<\/p><p>Posta: <a href=\"mailto:fachstelle@schwulenberatungberlin.de\">fachstelle@schwulenberatungberlin.de<\/a><\/p>\t\t\t\t\t\t\t\t<\/div>\n\t\t\t\t\t<\/div>\n\t\t\t\t<\/div>\n\t\t\t\t\t<\/details>\n\t\t\t\t\t\t<details id=\"e-n-accordion-item-2381\" class=\"e-n-accordion-item\" >\n\t\t\t\t<summary class=\"e-n-accordion-item-title\" data-accordion-index=\"2\" tabindex=\"-1\" aria-expanded=\"false\" aria-controls=\"e-n-accordion-item-2381\" >\n\t\t\t\t\t<span class='e-n-accordion-item-title-header'><h2 class=\"e-n-accordion-item-title-text\"> Bak\u0131m sekt\u00f6r\u00fcnde k\u00fclt\u00fcrleraras\u0131 k\u00f6pr\u00fc kurucular <\/h2><\/span>\n\t\t\t\t\t\t\t<span class='e-n-accordion-item-title-icon'>\n\t\t\t<span class='e-opened' ><svg xmlns=\"http:\/\/www.w3.org\/2000\/svg\" width=\"32\" height=\"32\" viewBox=\"0 0 32 32\" fill=\"none\"><path d=\"M23.0158 6.98418L7.08612 22.9139C6.79806 23.2019 6.63473 23.5911 6.63205 23.9958C6.62937 24.4005 6.78756 24.7876 7.07182 25.0718C7.35609 25.3561 7.74314 25.5143 8.14784 25.5116C8.55253 25.5089 8.94171 25.3456 9.22977 25.0575L25.1595 9.12783C25.4475 8.83977 25.6109 8.45059 25.6135 8.0459C25.6162 7.64121 25.458 7.25416 25.1738 6.96989C24.8895 6.68563 24.5024 6.52743 24.0977 6.53011C23.6931 6.53279 23.3039 6.69613 23.0158 6.98418Z\" fill=\"#70155C\"><\/path><path d=\"M25.1594 23.0158L9.22967 7.08612C8.94161 6.79806 8.55243 6.63473 8.14774 6.63205C7.74305 6.62937 7.356 6.78756 7.07173 7.07182C6.78746 7.35609 6.62927 7.74314 6.63195 8.14784C6.63463 8.55253 6.79797 8.94171 7.08602 9.22977L23.0157 25.1595C23.3038 25.4475 23.693 25.6109 24.0977 25.6135C24.5023 25.6162 24.8894 25.458 25.1737 25.1738C25.4579 24.8895 25.6161 24.5024 25.6134 24.0977C25.6108 23.6931 25.4474 23.3039 25.1594 23.0158Z\" fill=\"#70155C\"><\/path><\/svg><\/span>\n\t\t\t<span class='e-closed'><svg xmlns=\"http:\/\/www.w3.org\/2000\/svg\" width=\"32\" height=\"32\" viewBox=\"0 0 32 32\" fill=\"none\"><path d=\"M23.1162 11.4697C23.2139 11.3721 23.3721 11.3721 23.4697 11.4697L23.8232 11.8232C23.9209 11.9209 23.9208 12.0791 23.8232 12.1768L16.1768 19.8232C16.0791 19.9209 15.9209 19.9209 15.8232 19.8232L8.17676 12.1768C8.07914 12.0791 8.07913 11.9209 8.17676 11.8232L8.53027 11.4697C8.62789 11.3721 8.78615 11.3721 8.88379 11.4697L16 18.5859L23.1162 11.4697Z\" fill=\"#1F1105\" stroke=\"#1F1105\"><\/path><\/svg><\/span>\n\t\t<\/span>\n\n\t\t\t\t\t\t<\/summary>\n\t\t\t\t<div role=\"region\" aria-labelledby=\"e-n-accordion-item-2381\" class=\"elementor-element elementor-element-90b6e2e e-con-full e-flex e-con e-child\" data-id=\"90b6e2e\" data-element_type=\"container\" data-e-type=\"container\" data-settings=\"{&quot;background_background&quot;:&quot;classic&quot;}\">\n\t\t\t\t<div class=\"elementor-element elementor-element-abb18f0 elementor-widget elementor-widget-image\" data-id=\"abb18f0\" data-element_type=\"widget\" data-e-type=\"widget\" data-widget_type=\"image.default\">\n\t\t\t\t\t\t\t\t\t\t\t\t\t\t\t<img decoding=\"async\" src=\"https:\/\/famipaberlin.de\/wp-content\/uploads\/IBIP_Logo_Nov2018.jpg\" title=\"Bas\u0131n\u00e7\" alt=\"Bas\u0131n\u00e7\" loading=\"lazy\" \/>\t\t\t\t\t\t\t\t\t\t\t\t\t\t\t<\/div>\n\t\t\t\t<div class=\"elementor-element elementor-element-a4243af elementor-widget elementor-widget-text-editor\" data-id=\"a4243af\" data-element_type=\"widget\" data-e-type=\"widget\" data-widget_type=\"text-editor.default\">\n\t\t\t\t\t\t\t\t\t<p>K\u00fclt\u00fcrleraras\u0131 k\u00f6pr\u00fc kurucular 15 dilde dan\u0131\u015fmanl\u0131k hizmeti vermektedir: Almanca, Arap\u00e7a, \u0130ngilizce, Frans\u0131zca, Fars\u00e7a, Rus\u00e7a, K\u00fcrt\u00e7e (Sorani, Kurmanci), Dari, Bo\u015fnak\u00e7a, H\u0131rvat\u00e7a, S\u0131rp\u00e7a, T\u00fcrk\u00e7e, Leh\u00e7e ve Vietnamca. Bak\u0131m konular\u0131nda dan\u0131\u015fmanl\u0131k hizmeti veriyorlar.  Teklif <strong>\u00fccretsizdir<\/strong>!<\/p><p>K\u00f6pr\u00fc kurucular \u015fahsen, telefonla ve \u00e7evrimi\u00e7i olarak (video arac\u0131l\u0131\u011f\u0131yla) bilgi ve destek sa\u011flar.<\/p><p>K\u00f6pr\u00fc kurucular, bak\u0131m ba\u011flam\u0131ndaki aray\u00fczlerde aktiftir:  <\/p><ul><li>Berlin&#8217;deki t\u00fcm bak\u0131m destek merkezlerinde ve il\u00e7elerde dan\u0131\u015fmanl\u0131k deste\u011fi<\/li><li>Uzman bak\u0131m dan\u0131\u015fmanl\u0131\u011f\u0131 (tandem dan\u0131\u015fmanl\u0131k) ve bak\u0131m\u0131n t\u00fcm y\u00f6nleri hakk\u0131nda bilgilendirme  <\/li><li>Di\u011ferlerinin yan\u0131 s\u0131ra T\u0131bbi Hizmet (MD) taraf\u0131ndan bak\u0131m de\u011ferlendirmesine e\u015flik edilmesi<\/li><\/ul><p>K\u00f6pr\u00fc kurucular, her ya\u015ftan g\u00f6\u00e7meni, bak\u0131ma ihtiya\u00e7 duymadan \u00f6nce bile \u00e7e\u015fitli bulu\u015fma noktalar\u0131nda ar\u0131yor ve onlar\u0131 dan\u0131\u015fmanl\u0131k ve destek a\u011flar\u0131na y\u00f6nlendiriyor.  <\/p><p>Web sitesi: <a href=\"https:\/\/www.ejf.de\/einrichtungen\/wohnen-pflege-im-alter\/interkulturelle-brueckenbauerinnen-in-der-pflege-1\">Bak\u0131m alan\u0131nda k\u00fclt\u00fcrleraras\u0131 k\u00f6pr\u00fc kurucular &#8221; Ya\u015fl\u0131l\u0131kta ya\u015fam ve bak\u0131m &#8221; EJF &#8211; Yard\u0131m yaratma<\/a><\/p><p>Telefon: 030 695 17 823 (ula\u015f\u0131labilir: Pazartesi, Sal\u0131, \u00c7ar\u015famba ve Cuma g\u00fcnleri 09:00 ile 15:00 aras\u0131nda, Per\u015fembe g\u00fcnleri 12:00 ile 18:00 aras\u0131nda). G\u00fcn\u00fcn her saati telesekreter!   <\/p><p>E-posta: <a href=\"mailto:fbs.brueckenbauerinnen@ejf.de\">fbs.brueckenbauerinnen@ejf.de<\/a> <\/p>\t\t\t\t\t\t\t\t<\/div>\n\t\t\t\t<\/div>\n\t\t\t\t\t<\/details>\n\t\t\t\t\t\t<details id=\"e-n-accordion-item-2382\" class=\"e-n-accordion-item\" >\n\t\t\t\t<summary class=\"e-n-accordion-item-title\" data-accordion-index=\"3\" tabindex=\"-1\" aria-expanded=\"false\" aria-controls=\"e-n-accordion-item-2382\" >\n\t\t\t\t\t<span class='e-n-accordion-item-title-header'><h2 class=\"e-n-accordion-item-title-text\"> KOBRA <\/h2><\/span>\n\t\t\t\t\t\t\t<span class='e-n-accordion-item-title-icon'>\n\t\t\t<span class='e-opened' ><svg xmlns=\"http:\/\/www.w3.org\/2000\/svg\" width=\"32\" height=\"32\" viewBox=\"0 0 32 32\" fill=\"none\"><path d=\"M23.0158 6.98418L7.08612 22.9139C6.79806 23.2019 6.63473 23.5911 6.63205 23.9958C6.62937 24.4005 6.78756 24.7876 7.07182 25.0718C7.35609 25.3561 7.74314 25.5143 8.14784 25.5116C8.55253 25.5089 8.94171 25.3456 9.22977 25.0575L25.1595 9.12783C25.4475 8.83977 25.6109 8.45059 25.6135 8.0459C25.6162 7.64121 25.458 7.25416 25.1738 6.96989C24.8895 6.68563 24.5024 6.52743 24.0977 6.53011C23.6931 6.53279 23.3039 6.69613 23.0158 6.98418Z\" fill=\"#70155C\"><\/path><path d=\"M25.1594 23.0158L9.22967 7.08612C8.94161 6.79806 8.55243 6.63473 8.14774 6.63205C7.74305 6.62937 7.356 6.78756 7.07173 7.07182C6.78746 7.35609 6.62927 7.74314 6.63195 8.14784C6.63463 8.55253 6.79797 8.94171 7.08602 9.22977L23.0157 25.1595C23.3038 25.4475 23.693 25.6109 24.0977 25.6135C24.5023 25.6162 24.8894 25.458 25.1737 25.1738C25.4579 24.8895 25.6161 24.5024 25.6134 24.0977C25.6108 23.6931 25.4474 23.3039 25.1594 23.0158Z\" fill=\"#70155C\"><\/path><\/svg><\/span>\n\t\t\t<span class='e-closed'><svg xmlns=\"http:\/\/www.w3.org\/2000\/svg\" width=\"32\" height=\"32\" viewBox=\"0 0 32 32\" fill=\"none\"><path d=\"M23.1162 11.4697C23.2139 11.3721 23.3721 11.3721 23.4697 11.4697L23.8232 11.8232C23.9209 11.9209 23.9208 12.0791 23.8232 12.1768L16.1768 19.8232C16.0791 19.9209 15.9209 19.9209 15.8232 19.8232L8.17676 12.1768C8.07914 12.0791 8.07913 11.9209 8.17676 11.8232L8.53027 11.4697C8.62789 11.3721 8.78615 11.3721 8.88379 11.4697L16 18.5859L23.1162 11.4697Z\" fill=\"#1F1105\" stroke=\"#1F1105\"><\/path><\/svg><\/span>\n\t\t<\/span>\n\n\t\t\t\t\t\t<\/summary>\n\t\t\t\t<div role=\"region\" aria-labelledby=\"e-n-accordion-item-2382\" class=\"elementor-element elementor-element-09d6605 e-flex e-con-boxed e-con e-child\" data-id=\"09d6605\" data-element_type=\"container\" data-e-type=\"container\" data-settings=\"{&quot;background_background&quot;:&quot;classic&quot;}\">\n\t\t\t\t\t<div class=\"e-con-inner\">\n\t\t\t\t<div class=\"elementor-element elementor-element-220f674 elementor-widget elementor-widget-image\" data-id=\"220f674\" data-element_type=\"widget\" data-e-type=\"widget\" data-widget_type=\"image.default\">\n\t\t\t\t\t\t\t\t\t\t\t\t\t\t\t<img decoding=\"async\" src=\"https:\/\/famipaberlin.de\/wp-content\/uploads\/Kobra_Logo_BFPV_rgb.svg\" title=\"Cobra_Logo_BFPV_rgb\" alt=\"Cobra_Logo_BFPV_rgb\" loading=\"lazy\" \/>\t\t\t\t\t\t\t\t\t\t\t\t\t\t\t<\/div>\n\t\t\t\t<div class=\"elementor-element elementor-element-7cf16d9 elementor-widget elementor-widget-text-editor\" data-id=\"7cf16d9\" data-element_type=\"widget\" data-e-type=\"widget\" data-widget_type=\"text-editor.default\">\n\t\t\t\t\t\t\t\t\t<p>Berliner Frauenbund 1945 e. V.&#8217;nin bir projesi olan KOBRA, kendisini i\u015f, aile ve bak\u0131m uyumunun ger\u00e7ekle\u015ftirilmesinde hem \u015firketler hem de \u00e7al\u0131\u015fanlar i\u00e7in bir ortak olarak g\u00f6rmektedir. KOBRA 2007 y\u0131l\u0131ndan bu yana ebeveyn izni ve ebeveyn paras\u0131, 2012 y\u0131l\u0131ndan bu yana da bak\u0131m ve aile bak\u0131m izni konular\u0131nda dan\u0131\u015fmanl\u0131k hizmeti sunmaktad\u0131r. <\/p><p>Web sitesi: <a href=\"https:\/\/www.pflegezeit-berlin.de\/\">KOBRA<\/a><\/p><p>Telefon: 030 695 923 16<\/p><p>E-posta: <a href=\"mailto:vereinbarkeit@kobra-berlin.de\">vereinbarkeit@kobra-berlin.de<\/a><\/p>\t\t\t\t\t\t\t\t<\/div>\n\t\t\t\t\t<\/div>\n\t\t\t\t<\/div>\n\t\t\t\t\t<\/details>\n\t\t\t\t\t\t<details id=\"e-n-accordion-item-2383\" class=\"e-n-accordion-item\" >\n\t\t\t\t<summary class=\"e-n-accordion-item-title\" data-accordion-index=\"4\" tabindex=\"-1\" aria-expanded=\"false\" aria-controls=\"e-n-accordion-item-2383\" >\n\t\t\t\t\t<span class='e-n-accordion-item-title-header'><h2 class=\"e-n-accordion-item-title-text\"> Bak\u0131m Deste\u011fi i\u00e7in Yetkinlik Merkezi (KPU) <\/h2><\/span>\n\t\t\t\t\t\t\t<span class='e-n-accordion-item-title-icon'>\n\t\t\t<span class='e-opened' ><svg xmlns=\"http:\/\/www.w3.org\/2000\/svg\" width=\"32\" height=\"32\" viewBox=\"0 0 32 32\" fill=\"none\"><path d=\"M23.0158 6.98418L7.08612 22.9139C6.79806 23.2019 6.63473 23.5911 6.63205 23.9958C6.62937 24.4005 6.78756 24.7876 7.07182 25.0718C7.35609 25.3561 7.74314 25.5143 8.14784 25.5116C8.55253 25.5089 8.94171 25.3456 9.22977 25.0575L25.1595 9.12783C25.4475 8.83977 25.6109 8.45059 25.6135 8.0459C25.6162 7.64121 25.458 7.25416 25.1738 6.96989C24.8895 6.68563 24.5024 6.52743 24.0977 6.53011C23.6931 6.53279 23.3039 6.69613 23.0158 6.98418Z\" fill=\"#70155C\"><\/path><path d=\"M25.1594 23.0158L9.22967 7.08612C8.94161 6.79806 8.55243 6.63473 8.14774 6.63205C7.74305 6.62937 7.356 6.78756 7.07173 7.07182C6.78746 7.35609 6.62927 7.74314 6.63195 8.14784C6.63463 8.55253 6.79797 8.94171 7.08602 9.22977L23.0157 25.1595C23.3038 25.4475 23.693 25.6109 24.0977 25.6135C24.5023 25.6162 24.8894 25.458 25.1737 25.1738C25.4579 24.8895 25.6161 24.5024 25.6134 24.0977C25.6108 23.6931 25.4474 23.3039 25.1594 23.0158Z\" fill=\"#70155C\"><\/path><\/svg><\/span>\n\t\t\t<span class='e-closed'><svg xmlns=\"http:\/\/www.w3.org\/2000\/svg\" width=\"32\" height=\"32\" viewBox=\"0 0 32 32\" fill=\"none\"><path d=\"M23.1162 11.4697C23.2139 11.3721 23.3721 11.3721 23.4697 11.4697L23.8232 11.8232C23.9209 11.9209 23.9208 12.0791 23.8232 12.1768L16.1768 19.8232C16.0791 19.9209 15.9209 19.9209 15.8232 19.8232L8.17676 12.1768C8.07914 12.0791 8.07913 11.9209 8.17676 11.8232L8.53027 11.4697C8.62789 11.3721 8.78615 11.3721 8.88379 11.4697L16 18.5859L23.1162 11.4697Z\" fill=\"#1F1105\" stroke=\"#1F1105\"><\/path><\/svg><\/span>\n\t\t<\/span>\n\n\t\t\t\t\t\t<\/summary>\n\t\t\t\t<div role=\"region\" aria-labelledby=\"e-n-accordion-item-2383\" class=\"elementor-element elementor-element-18008bd e-flex e-con-boxed e-con e-child\" data-id=\"18008bd\" data-element_type=\"container\" data-e-type=\"container\" data-settings=\"{&quot;background_background&quot;:&quot;classic&quot;}\">\n\t\t\t\t\t<div class=\"e-con-inner\">\n\t\t\t\t<div class=\"elementor-element elementor-element-2acf141 elementor-widget elementor-widget-image\" data-id=\"2acf141\" data-element_type=\"widget\" data-e-type=\"widget\" data-widget_type=\"image.default\">\n\t\t\t\t\t\t\t\t\t\t\t\t\t\t\t<img decoding=\"async\" src=\"https:\/\/famipaberlin.de\/wp-content\/uploads\/KPU_Wort_Bild_Marke_kompakt.svg\" title=\"KPU_word_image_brand_compact\" alt=\"KPU_word_image_brand_compact\" loading=\"lazy\" \/>\t\t\t\t\t\t\t\t\t\t\t\t\t\t\t<\/div>\n\t\t\t\t<div class=\"elementor-element elementor-element-509211a elementor-widget elementor-widget-text-editor\" data-id=\"509211a\" data-element_type=\"widget\" data-e-type=\"widget\" data-widget_type=\"text-editor.default\">\n\t\t\t\t\t\t\t\t\t<p> <\/p><p>Web sitesi: <a style=\"background-color: #fff5ed;\" href=\"https:\/\/www.pflegeunterstuetzung-berlin.de\/\">Bak\u0131m deste\u011fi i\u00e7in yetkinlik merkezi: Bak\u0131m deste\u011fi<\/a><\/p><p>Telefon: 030 890 285 32<\/p><p>E-posta: <a href=\"https:\/\/www.pflegeunterstuetzung-berlin.de\/kontakt#\" data-mailto-token=\"iwehpk6gkilapajvvajpnqiWoageo9xanhej:za\" data-mailto-vector=\"-4\">kompetenzzentrum@sekis-berlin.de<\/a><\/p>\t\t\t\t\t\t\t\t<\/div>\n\t\t\t\t\t<\/div>\n\t\t\t\t<\/div>\n\t\t\t\t\t<\/details>\n\t\t\t\t\t\t<details id=\"e-n-accordion-item-2384\" class=\"e-n-accordion-item\" >\n\t\t\t\t<summary class=\"e-n-accordion-item-title\" data-accordion-index=\"5\" tabindex=\"-1\" aria-expanded=\"false\" aria-controls=\"e-n-accordion-item-2384\" >\n\t\t\t\t\t<span class='e-n-accordion-item-title-header'><h2 class=\"e-n-accordion-item-title-text\"> Bak\u0131m taahh\u00fcd\u00fc i\u00e7in irtibat noktalar\u0131 (KPE) <\/h2><\/span>\n\t\t\t\t\t\t\t<span class='e-n-accordion-item-title-icon'>\n\t\t\t<span class='e-opened' ><svg xmlns=\"http:\/\/www.w3.org\/2000\/svg\" width=\"32\" height=\"32\" viewBox=\"0 0 32 32\" fill=\"none\"><path d=\"M23.0158 6.98418L7.08612 22.9139C6.79806 23.2019 6.63473 23.5911 6.63205 23.9958C6.62937 24.4005 6.78756 24.7876 7.07182 25.0718C7.35609 25.3561 7.74314 25.5143 8.14784 25.5116C8.55253 25.5089 8.94171 25.3456 9.22977 25.0575L25.1595 9.12783C25.4475 8.83977 25.6109 8.45059 25.6135 8.0459C25.6162 7.64121 25.458 7.25416 25.1738 6.96989C24.8895 6.68563 24.5024 6.52743 24.0977 6.53011C23.6931 6.53279 23.3039 6.69613 23.0158 6.98418Z\" fill=\"#70155C\"><\/path><path d=\"M25.1594 23.0158L9.22967 7.08612C8.94161 6.79806 8.55243 6.63473 8.14774 6.63205C7.74305 6.62937 7.356 6.78756 7.07173 7.07182C6.78746 7.35609 6.62927 7.74314 6.63195 8.14784C6.63463 8.55253 6.79797 8.94171 7.08602 9.22977L23.0157 25.1595C23.3038 25.4475 23.693 25.6109 24.0977 25.6135C24.5023 25.6162 24.8894 25.458 25.1737 25.1738C25.4579 24.8895 25.6161 24.5024 25.6134 24.0977C25.6108 23.6931 25.4474 23.3039 25.1594 23.0158Z\" fill=\"#70155C\"><\/path><\/svg><\/span>\n\t\t\t<span class='e-closed'><svg xmlns=\"http:\/\/www.w3.org\/2000\/svg\" width=\"32\" height=\"32\" viewBox=\"0 0 32 32\" fill=\"none\"><path d=\"M23.1162 11.4697C23.2139 11.3721 23.3721 11.3721 23.4697 11.4697L23.8232 11.8232C23.9209 11.9209 23.9208 12.0791 23.8232 12.1768L16.1768 19.8232C16.0791 19.9209 15.9209 19.9209 15.8232 19.8232L8.17676 12.1768C8.07914 12.0791 8.07913 11.9209 8.17676 11.8232L8.53027 11.4697C8.62789 11.3721 8.78615 11.3721 8.88379 11.4697L16 18.5859L23.1162 11.4697Z\" fill=\"#1F1105\" stroke=\"#1F1105\"><\/path><\/svg><\/span>\n\t\t<\/span>\n\n\t\t\t\t\t\t<\/summary>\n\t\t\t\t<div role=\"region\" aria-labelledby=\"e-n-accordion-item-2384\" class=\"elementor-element elementor-element-8d8bcee e-flex e-con-boxed e-con e-child\" data-id=\"8d8bcee\" data-element_type=\"container\" data-e-type=\"container\" data-settings=\"{&quot;background_background&quot;:&quot;classic&quot;}\">\n\t\t\t\t\t<div class=\"e-con-inner\">\n\t\t\t\t<div class=\"elementor-element elementor-element-fc9a50f elementor-widget elementor-widget-image\" data-id=\"fc9a50f\" data-element_type=\"widget\" data-e-type=\"widget\" data-widget_type=\"image.default\">\n\t\t\t\t\t\t\t\t\t\t\t\t\t\t\t<img decoding=\"async\" width=\"150\" height=\"150\" src=\"https:\/\/famipaberlin.de\/wp-content\/uploads\/KPE_Logo.svg\" class=\"attachment-thumbnail size-thumbnail wp-image-3773\" alt=\"\" \/>\t\t\t\t\t\t\t\t\t\t\t\t\t\t\t<\/div>\n\t\t\t\t<div class=\"elementor-element elementor-element-9432553 elementor-widget elementor-widget-text-editor\" data-id=\"9432553\" data-element_type=\"widget\" data-e-type=\"widget\" data-widget_type=\"text-editor.default\">\n\t\t\t\t\t\t\t\t\t<p> <\/p><p>Genel bak\u0131\u015f i\u00e7eren web sitesi: <a href=\"https:\/\/www.pflegeunterstuetzung-berlin.de\/pflege-selbsthilfe\/kontaktstellen\">Bak\u0131m deste\u011fi i\u00e7in yetkinlik merkezi: PflegeEngagement ileti\u015fim noktalar\u0131<\/a><\/p>\t\t\t\t\t\t\t\t<\/div>\n\t\t\t\t\t<\/div>\n\t\t\t\t<\/div>\n\t\t\t\t\t<\/details>\n\t\t\t\t\t\t<details id=\"e-n-accordion-item-2385\" class=\"e-n-accordion-item\" >\n\t\t\t\t<summary class=\"e-n-accordion-item-title\" data-accordion-index=\"6\" tabindex=\"-1\" aria-expanded=\"false\" aria-controls=\"e-n-accordion-item-2385\" >\n\t\t\t\t\t<span class='e-n-accordion-item-title-header'><h2 class=\"e-n-accordion-item-title-text\"> Berlin Bak\u0131m Destek Merkezleri <\/h2><\/span>\n\t\t\t\t\t\t\t<span class='e-n-accordion-item-title-icon'>\n\t\t\t<span class='e-opened' ><svg xmlns=\"http:\/\/www.w3.org\/2000\/svg\" width=\"32\" height=\"32\" viewBox=\"0 0 32 32\" fill=\"none\"><path d=\"M23.0158 6.98418L7.08612 22.9139C6.79806 23.2019 6.63473 23.5911 6.63205 23.9958C6.62937 24.4005 6.78756 24.7876 7.07182 25.0718C7.35609 25.3561 7.74314 25.5143 8.14784 25.5116C8.55253 25.5089 8.94171 25.3456 9.22977 25.0575L25.1595 9.12783C25.4475 8.83977 25.6109 8.45059 25.6135 8.0459C25.6162 7.64121 25.458 7.25416 25.1738 6.96989C24.8895 6.68563 24.5024 6.52743 24.0977 6.53011C23.6931 6.53279 23.3039 6.69613 23.0158 6.98418Z\" fill=\"#70155C\"><\/path><path d=\"M25.1594 23.0158L9.22967 7.08612C8.94161 6.79806 8.55243 6.63473 8.14774 6.63205C7.74305 6.62937 7.356 6.78756 7.07173 7.07182C6.78746 7.35609 6.62927 7.74314 6.63195 8.14784C6.63463 8.55253 6.79797 8.94171 7.08602 9.22977L23.0157 25.1595C23.3038 25.4475 23.693 25.6109 24.0977 25.6135C24.5023 25.6162 24.8894 25.458 25.1737 25.1738C25.4579 24.8895 25.6161 24.5024 25.6134 24.0977C25.6108 23.6931 25.4474 23.3039 25.1594 23.0158Z\" fill=\"#70155C\"><\/path><\/svg><\/span>\n\t\t\t<span class='e-closed'><svg xmlns=\"http:\/\/www.w3.org\/2000\/svg\" width=\"32\" height=\"32\" viewBox=\"0 0 32 32\" fill=\"none\"><path d=\"M23.1162 11.4697C23.2139 11.3721 23.3721 11.3721 23.4697 11.4697L23.8232 11.8232C23.9209 11.9209 23.9208 12.0791 23.8232 12.1768L16.1768 19.8232C16.0791 19.9209 15.9209 19.9209 15.8232 19.8232L8.17676 12.1768C8.07914 12.0791 8.07913 11.9209 8.17676 11.8232L8.53027 11.4697C8.62789 11.3721 8.78615 11.3721 8.88379 11.4697L16 18.5859L23.1162 11.4697Z\" fill=\"#1F1105\" stroke=\"#1F1105\"><\/path><\/svg><\/span>\n\t\t<\/span>\n\n\t\t\t\t\t\t<\/summary>\n\t\t\t\t<div role=\"region\" aria-labelledby=\"e-n-accordion-item-2385\" class=\"elementor-element elementor-element-5511ae7 e-con-full e-flex e-con e-child\" data-id=\"5511ae7\" data-element_type=\"container\" data-e-type=\"container\" data-settings=\"{&quot;background_background&quot;:&quot;classic&quot;}\">\n\t\t\t\t<div class=\"elementor-element elementor-element-648d49b elementor-widget elementor-widget-image\" data-id=\"648d49b\" data-element_type=\"widget\" data-e-type=\"widget\" data-widget_type=\"image.default\">\n\t\t\t\t\t\t\t\t\t\t\t\t\t\t\t<img decoding=\"async\" src=\"https:\/\/famipaberlin.de\/wp-content\/uploads\/PSP_Logo.jpg\" title=\"PSP_Logo\" alt=\"PSP_Logo\" loading=\"lazy\" \/>\t\t\t\t\t\t\t\t\t\t\t\t\t\t\t<\/div>\n\t\t\t\t<div class=\"elementor-element elementor-element-e1d042c elementor-widget elementor-widget-text-editor\" data-id=\"e1d042c\" data-element_type=\"widget\" data-e-type=\"widget\" data-widget_type=\"text-editor.default\">\n\t\t\t\t\t\t\t\t\t<p>Berlin&#8217;in her il\u00e7esinde bak\u0131m destek merkezleri bulunmaktad\u0131r. Bu merkezlerde ya\u015flanma ve bak\u0131m konular\u0131nda bilgili ki\u015filer \u00e7al\u0131\u015fmaktad\u0131r. <\/p>\n<p>Bak\u0131m destek merkezleri <strong>\u00fccretsiz <\/strong>bilgi ve destek alabilece\u011finiz yerlerdir. <span data-contrast=\"auto\">A\u015fa\u011f\u0131daki gibi sorular\u0131n\u0131z varsa oraya gidebilirsiniz<\/span><span data-ccp-props=\"{\"134233117\":false,\"134233118\":false,\"335559738\":240,\"335559739\":240}\">&nbsp;<\/span><\/p>\n<ul>\n<li><span data-contrast=\"auto\">&#8220;Evde nas\u0131l yard\u0131m alabilirim?&#8221;<\/span><span data-ccp-props=\"{\"134233117\":false,\"134233118\":false,\"335559685\":720,\"335559738\":240,\"335559739\":240}\">&nbsp;<\/span><\/li>\n<li><span data-contrast=\"auto\">&#8220;Hangi bak\u0131m hizmetleri mevcut?&#8221;<\/span><span data-ccp-props=\"{\"134233117\":false,\"134233118\":false,\"335559685\":720,\"335559738\":240,\"335559739\":240}\">&nbsp;<\/span><\/li>\n<li><span data-contrast=\"auto\">&#8220;Bak\u0131m paras\u0131 i\u00e7in nas\u0131l ba\u015fvurabilirim?&#8221;<\/span><span data-ccp-props=\"{\"134233117\":false,\"134233118\":false,\"335559685\":720,\"335559738\":240,\"335559739\":240}\">&nbsp;<\/span><\/li>\n<li><span data-contrast=\"auto\">&#8220;Birine bakarken kendim de yoruldu\u011fumda ne yapmal\u0131y\u0131m?&#8221;<\/span><span data-ccp-props=\"{\"134233117\":false,\"134233118\":false,\"335559685\":720,\"335559738\":240,\"335559739\":240}\">&nbsp;<\/span><\/li>\n<\/ul>\n<p><span data-contrast=\"auto\">Bak\u0131m destek merkezleri size \u015funlar\u0131 sa\u011flar:<\/span><span data-ccp-props=\"{\"134233117\":false,\"134233118\":false,\"335559738\":240,\"335559739\":240}\">&nbsp;<\/span><\/p>\n<ul>\n<li>Almanca ve di\u011fer dillerde dan\u0131\u015fmanl\u0131k<\/li>\n<li>Formlar\u0131n doldurulmas\u0131nda yard\u0131m<\/li>\n<li>Resmi makamlara veya bak\u0131m sigortas\u0131 \u015firketlerine ba\u015fvururken destek<span data-ccp-props=\"{\"134233117\":false,\"134233118\":false,\"335559685\":720,\"335559738\":240,\"335559739\":240}\">&nbsp;<\/span><\/li>\n<\/ul>\n<p><span data-contrast=\"auto\">Sadece arayabilir <\/span>veya randevu alabilirsiniz<span data-contrast=\"auto\"> &#8211; bir\u00e7ok bak\u0131m destek merkezine otob\u00fcs veya trenle ula\u015fmak kolayd\u0131r.<\/span> <br><span data-contrast=\"auto\">Yani <\/span>her zaman yak\u0131n\u0131n\u0131zda bir tane<span data-contrast=\"auto\">vard\u0131r <\/span>.&nbsp;<\/p>\n<p>Bak\u0131m destek merkezleri nerede: <a href=\"https:\/\/www.pflegestuetzpunkteberlin.de\/wp-content\/uploads\/2026\/04\/Kontaktliste_Pflegestuetzpunkte_Berlin_02_2026.pdf\">Contact_List_of_Care_Points_Berlin_02_2026.pdf<\/a><\/p>\n<p>Web sitesi: <a href=\"https:\/\/www.pflegestuetzpunkteberlin.de\/\">Ana sayfa &#8211; Berlin Bak\u0131m Destek Merkezleri &#8211; Berlin Bak\u0131m Destek Merkezleri<\/a><\/p>\n<p>Telefon: 0800 59 500 59 (\u00fccretsiz, Pazartesi&#8217;den Cuma&#8217;ya sabah 9&#8217;dan ak\u015fam 6&#8217;ya kadar)<\/p>\n<p>Berlin bak\u0131m destek merkezlerinin bilgi formlar\u0131: <a href=\"https:\/\/www.pflegestuetzpunkteberlin.de\/flyer-broschueren-formulare\/\" style=\"background-color: rgb(255, 245, 237);\">El ilanlar\u0131 \/ Bro\u015f\u00fcrler \/ Formlar &#8211; Berlin Bak\u0131m Destek Merkezleri<\/a><\/p>\t\t\t\t\t\t\t\t<\/div>\n\t\t\t\t<\/div>\n\t\t\t\t\t<\/details>\n\t\t\t\t\t\t<details id=\"e-n-accordion-item-2386\" class=\"e-n-accordion-item\" >\n\t\t\t\t<summary class=\"e-n-accordion-item-title\" data-accordion-index=\"7\" tabindex=\"-1\" aria-expanded=\"false\" aria-controls=\"e-n-accordion-item-2386\" >\n\t\t\t\t\t<span class='e-n-accordion-item-title-header'><h2 class=\"e-n-accordion-item-title-text\"> G\u00fcm\u00fc\u015f \u00f6rg\u00fc <\/h2><\/span>\n\t\t\t\t\t\t\t<span class='e-n-accordion-item-title-icon'>\n\t\t\t<span class='e-opened' ><svg xmlns=\"http:\/\/www.w3.org\/2000\/svg\" width=\"32\" height=\"32\" viewBox=\"0 0 32 32\" fill=\"none\"><path d=\"M23.0158 6.98418L7.08612 22.9139C6.79806 23.2019 6.63473 23.5911 6.63205 23.9958C6.62937 24.4005 6.78756 24.7876 7.07182 25.0718C7.35609 25.3561 7.74314 25.5143 8.14784 25.5116C8.55253 25.5089 8.94171 25.3456 9.22977 25.0575L25.1595 9.12783C25.4475 8.83977 25.6109 8.45059 25.6135 8.0459C25.6162 7.64121 25.458 7.25416 25.1738 6.96989C24.8895 6.68563 24.5024 6.52743 24.0977 6.53011C23.6931 6.53279 23.3039 6.69613 23.0158 6.98418Z\" fill=\"#70155C\"><\/path><path d=\"M25.1594 23.0158L9.22967 7.08612C8.94161 6.79806 8.55243 6.63473 8.14774 6.63205C7.74305 6.62937 7.356 6.78756 7.07173 7.07182C6.78746 7.35609 6.62927 7.74314 6.63195 8.14784C6.63463 8.55253 6.79797 8.94171 7.08602 9.22977L23.0157 25.1595C23.3038 25.4475 23.693 25.6109 24.0977 25.6135C24.5023 25.6162 24.8894 25.458 25.1737 25.1738C25.4579 24.8895 25.6161 24.5024 25.6134 24.0977C25.6108 23.6931 25.4474 23.3039 25.1594 23.0158Z\" fill=\"#70155C\"><\/path><\/svg><\/span>\n\t\t\t<span class='e-closed'><svg xmlns=\"http:\/\/www.w3.org\/2000\/svg\" width=\"32\" height=\"32\" viewBox=\"0 0 32 32\" fill=\"none\"><path d=\"M23.1162 11.4697C23.2139 11.3721 23.3721 11.3721 23.4697 11.4697L23.8232 11.8232C23.9209 11.9209 23.9208 12.0791 23.8232 12.1768L16.1768 19.8232C16.0791 19.9209 15.9209 19.9209 15.8232 19.8232L8.17676 12.1768C8.07914 12.0791 8.07913 11.9209 8.17676 11.8232L8.53027 11.4697C8.62789 11.3721 8.78615 11.3721 8.88379 11.4697L16 18.5859L23.1162 11.4697Z\" fill=\"#1F1105\" stroke=\"#1F1105\"><\/path><\/svg><\/span>\n\t\t<\/span>\n\n\t\t\t\t\t\t<\/summary>\n\t\t\t\t<div role=\"region\" aria-labelledby=\"e-n-accordion-item-2386\" class=\"elementor-element elementor-element-ffd7027 e-con-full e-flex e-con e-child\" data-id=\"ffd7027\" data-element_type=\"container\" data-e-type=\"container\" data-settings=\"{&quot;background_background&quot;:&quot;classic&quot;}\">\n\t\t\t\t<div class=\"elementor-element elementor-element-4bb99e0 elementor-widget elementor-widget-image\" data-id=\"4bb99e0\" data-element_type=\"widget\" data-e-type=\"widget\" data-widget_type=\"image.default\">\n\t\t\t\t\t\t\t\t\t\t\t\t\t\t\t<img decoding=\"async\" src=\"https:\/\/famipaberlin.de\/wp-content\/uploads\/05_Silbernetz_LogoTelefon_quer_Nachtblau@8x.png\" title=\"05_Silver_net_logo+phone_across_night_blue@8x\" alt=\"05_Silver_net_logo+phone_across_night_blue@8x\" loading=\"lazy\" \/>\t\t\t\t\t\t\t\t\t\t\t\t\t\t\t<\/div>\n\t\t\t\t<div class=\"elementor-element elementor-element-c311e37 elementor-widget elementor-widget-text-editor\" data-id=\"c311e37\" data-element_type=\"widget\" data-e-type=\"widget\" data-widget_type=\"text-editor.default\">\n\t\t\t\t\t\t\t\t\t<p>Kendinizi yaln\u0131z hissediyorsan\u0131z ve biriyle konu\u015fmak istiyorsan\u0131z Silbernetz&#8217;i arayabilirsiniz. Aramalar <b>\u00fccretsiz <\/b>ve <b>anonimdir<\/b>.   <\/p><p>Web sitesi: <a href=\"https:\/\/silbernetz.org\/\">G\u00fcm\u00fc\u015f A\u011f<\/a><\/p><p>Telefon: 0800 470 80 90 (\u00fccretsiz, Pazartesi&#8217;den Cuma&#8217;ya sabah 8&#8217;den ak\u015fam 10&#8217;a kadar)<\/p><p>E-posta: <a href=\"mailto:kontakt@silbernetz.de\">kontakt@silbernetz.de<\/a><\/p>\t\t\t\t\t\t\t\t<\/div>\n\t\t\t\t<\/div>\n\t\t\t\t\t<\/details>\n\t\t\t\t\t\t<details id=\"e-n-accordion-item-2387\" class=\"e-n-accordion-item\" >\n\t\t\t\t<summary class=\"e-n-accordion-item-title\" data-accordion-index=\"8\" tabindex=\"-1\" aria-expanded=\"false\" aria-controls=\"e-n-accordion-item-2387\" >\n\t\t\t\t\t<span class='e-n-accordion-item-title-header'><h2 class=\"e-n-accordion-item-title-text\"> \u015eifahane <\/h2><\/span>\n\t\t\t\t\t\t\t<span class='e-n-accordion-item-title-icon'>\n\t\t\t<span class='e-opened' ><svg xmlns=\"http:\/\/www.w3.org\/2000\/svg\" width=\"32\" height=\"32\" viewBox=\"0 0 32 32\" fill=\"none\"><path d=\"M23.0158 6.98418L7.08612 22.9139C6.79806 23.2019 6.63473 23.5911 6.63205 23.9958C6.62937 24.4005 6.78756 24.7876 7.07182 25.0718C7.35609 25.3561 7.74314 25.5143 8.14784 25.5116C8.55253 25.5089 8.94171 25.3456 9.22977 25.0575L25.1595 9.12783C25.4475 8.83977 25.6109 8.45059 25.6135 8.0459C25.6162 7.64121 25.458 7.25416 25.1738 6.96989C24.8895 6.68563 24.5024 6.52743 24.0977 6.53011C23.6931 6.53279 23.3039 6.69613 23.0158 6.98418Z\" fill=\"#70155C\"><\/path><path d=\"M25.1594 23.0158L9.22967 7.08612C8.94161 6.79806 8.55243 6.63473 8.14774 6.63205C7.74305 6.62937 7.356 6.78756 7.07173 7.07182C6.78746 7.35609 6.62927 7.74314 6.63195 8.14784C6.63463 8.55253 6.79797 8.94171 7.08602 9.22977L23.0157 25.1595C23.3038 25.4475 23.693 25.6109 24.0977 25.6135C24.5023 25.6162 24.8894 25.458 25.1737 25.1738C25.4579 24.8895 25.6161 24.5024 25.6134 24.0977C25.6108 23.6931 25.4474 23.3039 25.1594 23.0158Z\" fill=\"#70155C\"><\/path><\/svg><\/span>\n\t\t\t<span class='e-closed'><svg xmlns=\"http:\/\/www.w3.org\/2000\/svg\" width=\"32\" height=\"32\" viewBox=\"0 0 32 32\" fill=\"none\"><path d=\"M23.1162 11.4697C23.2139 11.3721 23.3721 11.3721 23.4697 11.4697L23.8232 11.8232C23.9209 11.9209 23.9208 12.0791 23.8232 12.1768L16.1768 19.8232C16.0791 19.9209 15.9209 19.9209 15.8232 19.8232L8.17676 12.1768C8.07914 12.0791 8.07913 11.9209 8.17676 11.8232L8.53027 11.4697C8.62789 11.3721 8.78615 11.3721 8.88379 11.4697L16 18.5859L23.1162 11.4697Z\" fill=\"#1F1105\" stroke=\"#1F1105\"><\/path><\/svg><\/span>\n\t\t<\/span>\n\n\t\t\t\t\t\t<\/summary>\n\t\t\t\t<div role=\"region\" aria-labelledby=\"e-n-accordion-item-2387\" class=\"elementor-element elementor-element-bda78f3 e-flex e-con-boxed e-con e-child\" data-id=\"bda78f3\" data-element_type=\"container\" data-e-type=\"container\" data-settings=\"{&quot;background_background&quot;:&quot;classic&quot;}\">\n\t\t\t\t\t<div class=\"e-con-inner\">\n\t\t\t\t<div class=\"elementor-element elementor-element-913b1b1 elementor-widget elementor-widget-text-editor\" data-id=\"913b1b1\" data-element_type=\"widget\" data-e-type=\"widget\" data-widget_type=\"text-editor.default\">\n\t\t\t\t\t\t\t\t\t<p>Sa\u011fl\u0131\u011f\u0131n\u0131z s\u00f6z konusu oldu\u011funda veya ki\u015fisel zorluklar ya\u015fad\u0131\u011f\u0131n\u0131zda sizi bilgilendiriyor, tavsiyelerde bulunuyor ve destekliyoruz. Sa\u011fl\u0131kl\u0131 kalman\u0131z\u0131 ve sa\u011fl\u0131kl\u0131 olman\u0131z\u0131 ve hastal\u0131k durumunda iyi bak\u0131lman\u0131z\u0131 sa\u011flamaya kararl\u0131y\u0131z. Sosyal ve k\u00fclt\u00fcrleraras\u0131 yetkinli\u011fe sahibiz ve deste\u011fimizle hedefinize ula\u015fman\u0131zdan mutluluk duyaca\u011f\u0131z.  <\/p><p>Dan\u0131\u015fmanl\u0131k hizmetlerimiz ki\u015fiye \u00f6zeldir ve hem erkeklere hem de kad\u0131nlara a\u00e7\u0131kt\u0131r. Odak noktas\u0131 y\u00fcz y\u00fcze dan\u0131\u015fmanl\u0131kt\u0131r. Ancak, dan\u0131\u015fmanl\u0131k seanslar\u0131 telefon veya e-posta yoluyla da ger\u00e7ekle\u015ftirilebilir.   Talep \u00fczerine anonim dan\u0131\u015fmanl\u0131k hizmeti verilmektedir. Almanca ve Arap\u00e7a dillerinde dan\u0131\u015fmanl\u0131k hizmeti veriyoruz.<\/p><p>Web sitesi: <a href=\"https:\/\/www.xn--awo-sdost-u9a.de\/beratung-und-hilfe\/gesundheit-und-migration-sifahane\">Sa\u011fl\u0131k ve G\u00f6\u00e7 Sifahane &#8211; AWO Kreisverband Suedost e.V.<\/a><\/p><p>Telefon: 030 671 28 91-4 veya 030 671 28 91-5  <\/p><p>Posta: <a href=\"mailto:sifahane@awo-suedost.de\">sifahane@awo-suedost.de<\/a> <\/p>\t\t\t\t\t\t\t\t<\/div>\n\t\t\t\t\t<\/div>\n\t\t\t\t<\/div>\n\t\t\t\t\t<\/details>\n\t\t\t\t\t\t<details id=\"e-n-accordion-item-2388\" class=\"e-n-accordion-item\" >\n\t\t\t\t<summary class=\"e-n-accordion-item-title\" data-accordion-index=\"9\" tabindex=\"-1\" aria-expanded=\"false\" aria-controls=\"e-n-accordion-item-2388\" >\n\t\t\t\t\t<span class='e-n-accordion-item-title-header'><h2 class=\"e-n-accordion-item-title-text\"> G\u00fcven merkezi ya\u015fam-bak\u0131m-toplum <\/h2><\/span>\n\t\t\t\t\t\t\t<span class='e-n-accordion-item-title-icon'>\n\t\t\t<span class='e-opened' ><svg xmlns=\"http:\/\/www.w3.org\/2000\/svg\" width=\"32\" height=\"32\" viewBox=\"0 0 32 32\" fill=\"none\"><path d=\"M23.0158 6.98418L7.08612 22.9139C6.79806 23.2019 6.63473 23.5911 6.63205 23.9958C6.62937 24.4005 6.78756 24.7876 7.07182 25.0718C7.35609 25.3561 7.74314 25.5143 8.14784 25.5116C8.55253 25.5089 8.94171 25.3456 9.22977 25.0575L25.1595 9.12783C25.4475 8.83977 25.6109 8.45059 25.6135 8.0459C25.6162 7.64121 25.458 7.25416 25.1738 6.96989C24.8895 6.68563 24.5024 6.52743 24.0977 6.53011C23.6931 6.53279 23.3039 6.69613 23.0158 6.98418Z\" fill=\"#70155C\"><\/path><path d=\"M25.1594 23.0158L9.22967 7.08612C8.94161 6.79806 8.55243 6.63473 8.14774 6.63205C7.74305 6.62937 7.356 6.78756 7.07173 7.07182C6.78746 7.35609 6.62927 7.74314 6.63195 8.14784C6.63463 8.55253 6.79797 8.94171 7.08602 9.22977L23.0157 25.1595C23.3038 25.4475 23.693 25.6109 24.0977 25.6135C24.5023 25.6162 24.8894 25.458 25.1737 25.1738C25.4579 24.8895 25.6161 24.5024 25.6134 24.0977C25.6108 23.6931 25.4474 23.3039 25.1594 23.0158Z\" fill=\"#70155C\"><\/path><\/svg><\/span>\n\t\t\t<span class='e-closed'><svg xmlns=\"http:\/\/www.w3.org\/2000\/svg\" width=\"32\" height=\"32\" viewBox=\"0 0 32 32\" fill=\"none\"><path d=\"M23.1162 11.4697C23.2139 11.3721 23.3721 11.3721 23.4697 11.4697L23.8232 11.8232C23.9209 11.9209 23.9208 12.0791 23.8232 12.1768L16.1768 19.8232C16.0791 19.9209 15.9209 19.9209 15.8232 19.8232L8.17676 12.1768C8.07914 12.0791 8.07913 11.9209 8.17676 11.8232L8.53027 11.4697C8.62789 11.3721 8.78615 11.3721 8.88379 11.4697L16 18.5859L23.1162 11.4697Z\" fill=\"#1F1105\" stroke=\"#1F1105\"><\/path><\/svg><\/span>\n\t\t<\/span>\n\n\t\t\t\t\t\t<\/summary>\n\t\t\t\t<div role=\"region\" aria-labelledby=\"e-n-accordion-item-2388\" class=\"elementor-element elementor-element-f30b6d7 e-flex e-con-boxed e-con e-child\" data-id=\"f30b6d7\" data-element_type=\"container\" data-e-type=\"container\" data-settings=\"{&quot;background_background&quot;:&quot;classic&quot;}\">\n\t\t\t\t\t<div class=\"e-con-inner\">\n\t\t\t\t<div class=\"elementor-element elementor-element-fc6129d elementor-widget elementor-widget-image\" data-id=\"fc6129d\" data-element_type=\"widget\" data-e-type=\"widget\" data-widget_type=\"image.default\">\n\t\t\t\t\t\t\t\t\t\t\t\t\t\t\t<img decoding=\"async\" src=\"https:\/\/famipaberlin.de\/wp-content\/uploads\/vs-logo.jpg\" title=\"vs-logo\" alt=\"vs-logo\" loading=\"lazy\" \/>\t\t\t\t\t\t\t\t\t\t\t\t\t\t\t<\/div>\n\t\t\t\t<div class=\"elementor-element elementor-element-2a80c42 elementor-widget elementor-widget-text-editor\" data-id=\"2a80c42\" data-element_type=\"widget\" data-e-type=\"widget\" data-widget_type=\"text-editor.default\">\n\t\t\t\t\t\t\t\t\t<p>Konut-Bak\u0131m-Toplum G\u00fcven Merkezi, yat\u0131l\u0131 bak\u0131m topluluklar\u0131ndaki g\u00f6n\u00fcll\u00fc s\u0131rda\u015flara e\u015flik eder ve onlar\u0131 destekler. Kat\u0131lmak isteyen ya da halihaz\u0131rda aktif olan herkese dan\u0131\u015fmanl\u0131k, e\u011fitim ve de\u011fi\u015fim hizmetleri sunmaktad\u0131r. S\u0131rda\u015flar, ortak bak\u0131m evlerinde somut bir fark yaratabilir: dinler, ruh hallerini alg\u0131lar, sakinlerin bak\u0131\u015f a\u00e7\u0131s\u0131n\u0131 g\u00fc\u00e7lendirir ve mahalleden fikirlerle katk\u0131da bulunurlar. Bu \u015fekilde, kendi kaderini tayin etme, g\u00fcven ve iyi i\u015fbirli\u011fini te\u015fvik ederler.   <\/p><p>Web sitesi: <a style=\"background-color: #fff5ed;\" href=\"https:\/\/vertrauensperson.berlin\/\">www.vertrauensperson.berlin<\/a><\/p><p>Telefon: 030 346 492 800<\/p><p>Posta: <a href=\"mailto:vertrauensperson@berlin.de\">vertrauensperson@berlin.de <\/a> <\/p>\t\t\t\t\t\t\t\t<\/div>\n\t\t\t\t\t<\/div>\n\t\t\t\t<\/div>\n\t\t\t\t\t<\/details>\n\t\t\t\t\t\t<details id=\"e-n-accordion-item-2389\" class=\"e-n-accordion-item\" >\n\t\t\t\t<summary class=\"e-n-accordion-item-title\" data-accordion-index=\"10\" tabindex=\"-1\" aria-expanded=\"false\" aria-controls=\"e-n-accordion-item-2389\" >\n\t\t\t\t\t<span class='e-n-accordion-item-title-header'><h2 class=\"e-n-accordion-item-title-text\"> Dar\u00fclaceze merkezi irtibat noktas\u0131 <\/h2><\/span>\n\t\t\t\t\t\t\t<span class='e-n-accordion-item-title-icon'>\n\t\t\t<span class='e-opened' ><svg xmlns=\"http:\/\/www.w3.org\/2000\/svg\" width=\"32\" height=\"32\" viewBox=\"0 0 32 32\" fill=\"none\"><path d=\"M23.0158 6.98418L7.08612 22.9139C6.79806 23.2019 6.63473 23.5911 6.63205 23.9958C6.62937 24.4005 6.78756 24.7876 7.07182 25.0718C7.35609 25.3561 7.74314 25.5143 8.14784 25.5116C8.55253 25.5089 8.94171 25.3456 9.22977 25.0575L25.1595 9.12783C25.4475 8.83977 25.6109 8.45059 25.6135 8.0459C25.6162 7.64121 25.458 7.25416 25.1738 6.96989C24.8895 6.68563 24.5024 6.52743 24.0977 6.53011C23.6931 6.53279 23.3039 6.69613 23.0158 6.98418Z\" fill=\"#70155C\"><\/path><path d=\"M25.1594 23.0158L9.22967 7.08612C8.94161 6.79806 8.55243 6.63473 8.14774 6.63205C7.74305 6.62937 7.356 6.78756 7.07173 7.07182C6.78746 7.35609 6.62927 7.74314 6.63195 8.14784C6.63463 8.55253 6.79797 8.94171 7.08602 9.22977L23.0157 25.1595C23.3038 25.4475 23.693 25.6109 24.0977 25.6135C24.5023 25.6162 24.8894 25.458 25.1737 25.1738C25.4579 24.8895 25.6161 24.5024 25.6134 24.0977C25.6108 23.6931 25.4474 23.3039 25.1594 23.0158Z\" fill=\"#70155C\"><\/path><\/svg><\/span>\n\t\t\t<span class='e-closed'><svg xmlns=\"http:\/\/www.w3.org\/2000\/svg\" width=\"32\" height=\"32\" viewBox=\"0 0 32 32\" fill=\"none\"><path d=\"M23.1162 11.4697C23.2139 11.3721 23.3721 11.3721 23.4697 11.4697L23.8232 11.8232C23.9209 11.9209 23.9208 12.0791 23.8232 12.1768L16.1768 19.8232C16.0791 19.9209 15.9209 19.9209 15.8232 19.8232L8.17676 12.1768C8.07914 12.0791 8.07913 11.9209 8.17676 11.8232L8.53027 11.4697C8.62789 11.3721 8.78615 11.3721 8.88379 11.4697L16 18.5859L23.1162 11.4697Z\" fill=\"#1F1105\" stroke=\"#1F1105\"><\/path><\/svg><\/span>\n\t\t<\/span>\n\n\t\t\t\t\t\t<\/summary>\n\t\t\t\t<div role=\"region\" aria-labelledby=\"e-n-accordion-item-2389\" class=\"elementor-element elementor-element-31162aa e-flex e-con-boxed e-con e-child\" data-id=\"31162aa\" data-element_type=\"container\" data-e-type=\"container\" data-settings=\"{&quot;background_background&quot;:&quot;classic&quot;}\">\n\t\t\t\t\t<div class=\"e-con-inner\">\n\t\t\t\t<div class=\"elementor-element elementor-element-38607c3 elementor-widget elementor-widget-image\" data-id=\"38607c3\" data-element_type=\"widget\" data-e-type=\"widget\" data-widget_type=\"image.default\">\n\t\t\t\t\t\t\t\t\t\t\t\t\t\t\t<img decoding=\"async\" src=\"https:\/\/famipaberlin.de\/wp-content\/uploads\/Master_UHW_ZAH-RGB-01.png\" title=\"Master_UHW_ZAH-RGB-01\" alt=\"Master_UHW_ZAH-RGB-01\" loading=\"lazy\" \/>\t\t\t\t\t\t\t\t\t\t\t\t\t\t\t<\/div>\n\t\t\t\t<div class=\"elementor-element elementor-element-3b80556 elementor-widget elementor-widget-text-editor\" data-id=\"3b80556\" data-element_type=\"widget\" data-e-type=\"widget\" data-widget_type=\"text-editor.default\">\n\t\t\t\t\t\t\t\t\t<p>Zentrale Anlaufstelle Hospiz (ZAH), Berlin&#8217;deki a\u011f\u0131r hastalar\u0131, \u00f6lmek \u00fczere olanlar\u0131, yak\u0131nlar\u0131n\u0131 ve yas tutan ki\u015fileri \u00fccretsiz, k\u00fclt\u00fcrel ve dini a\u00e7\u0131dan hassas dan\u0131\u015fmanl\u0131k ve \u00e7ok \u00e7e\u015fitli bilgilendirme ve \u00f6nleme hizmetleriyle destekler.<strong> <\/strong><\/p><p>ZAH&#8217;\u0131n hizmetleri \u015fu ama\u00e7lara y\u00f6neliktir<\/p><ul><li>Her ya\u015ftan a\u011f\u0131r hasta ve \u00f6lmek \u00fczere olan ki\u015filer ve onlar\u0131n <br>bak\u0131m\u0131n\u0131 \u00fcstlenen yak\u0131nlar\u0131<\/li><li>Bak\u0131c\u0131lar, t\u0131p uzmanlar\u0131 ve kurumlar<\/li><li>Ya\u015fam\u0131n son a\u015famas\u0131 i\u00e7in haz\u0131rl\u0131k yapma konusunda bilgi edinmek isteyen ki\u015filer <br><\/li><li>Her ya\u015ftan yas tutan insanlar<\/li><li>Ya\u015fl\u0131 bak\u0131m\u0131 veya hospis ve palyatif bak\u0131m alan\u0131nda \u00e7al\u0131\u015fan kurulu\u015flar ve \u00e7o\u011falt\u0131c\u0131lar<\/li><\/ul><p> <\/p><p>ZAH kapsaml\u0131, d\u00fc\u015f\u00fck e\u015fikli ve \u00fccretsiz, \u00e7e\u015fitlili\u011fe duyarl\u0131 ve k\u00fclt\u00fcrleraras\u0131 destek sunmaktad\u0131r:<\/p><ul><li>Yas hizmetleri ve yak\u0131nlar i\u00e7in <br>deste\u011fi de dahil olmak \u00fczere \u00f6l\u00fcm, \u00f6l\u00fcm ve yas konular\u0131nda dan\u0131\u015fmanl\u0131k<\/li><li>Ya\u015fam sonu bak\u0131m konusunda dan\u0131\u015fmanl\u0131k <br>(ya\u015fayan vasiyet, sa\u011fl\u0131k bak\u0131m vekaleti, acil durum kararnamesi)<\/li><li>Palyatif<br>hospis sekt\u00f6r\u00fcndeki kurumlar ve profesyoneller i\u00e7in uzman ve \u00f6zel dan\u0131\u015fmanl\u0131k<\/li><li>Tam zamanl\u0131 ve g\u00f6n\u00fcll\u00fc \u00e7al\u0131\u015fanlar i\u00e7in dan\u0131\u015fmanl\u0131k hizmetleri ve e\u011fitim<\/li><li>G\u00f6\u00e7 deneyimi olan ki\u015filer i\u00e7in \u00e7e\u015fitli dillerde bilgilendirme ve k\u00fclt\u00fcrel a\u00e7\u0131dan hassas dan\u0131\u015fmanl\u0131k<\/li><li>Dil ve k\u00fclt\u00fcrel arabuluculuk konusunda destek<\/li><li>\u00d6l\u00fcm, yas ve ya\u015fam sonu bak\u0131m konular\u0131nda etkinlikler ve at\u00f6lye \u00e7al\u0131\u015fmalar\u0131 yoluyla bilgilendirme ve duyarl\u0131l\u0131k yaratma.<\/li><\/ul><p><strong> <\/strong><\/p><p>Web sitesi: <a href=\"https:\/\/hospiz-aktuell.de\/\">https:\/\/hospiz-aktuell.de\/<\/a><\/p><p>Adres Richard-Sorge-Stra\u00dfe 21 A, 10249 Berlin<\/p><p>Telefon: 030 40711113<\/p><p>E-posta: <a href=\"mailto:post@hospiz-aktuell.de\">post@hospiz-aktuell.de<\/a><\/p>\t\t\t\t\t\t\t\t<\/div>\n\t\t\t\t\t<\/div>\n\t\t\t\t<\/div>\n\t\t\t\t\t<\/details>\n\t\t\t\t\t<\/div>\n\t\t\t\t\t\t<\/div>\n\t\t\t\t\t<\/div>\n\t\t\t\t<\/div>\n\t\t\t\t<\/div>\n\t\t","protected":false},"excerpt":{"rendered":"<p>Destek bulun Burada Berlin&#8217;deki \u00f6nemli yerlerin bir listesini bulacaks\u0131n\u0131z. Ya\u015fl\u0131l\u0131kta bak\u0131m ve yard\u0131m hakk\u0131nda sorular\u0131n\u0131z varsa bu yerlere gidebilirsiniz. Burada bak\u0131mla ilgili t\u00fcm konularda yard\u0131m alabilirsiniz. Bak\u0131m\u0131n ne oldu\u011funu bilmiyorsan\u0131z, bak\u0131m, bir ki\u015finin hasta veya ya\u015fl\u0131 oldu\u011fu i\u00e7in yard\u0131m almas\u0131 anlam\u0131na gelir. \u00d6rne\u011fin: birisi y\u0131kanmaya veya giyinmeye yard\u0131m eder. LGBT\u0130*, ya\u015f(lama) ve bak\u0131m merkezi LGBTI*, [&hellip;]<\/p>\n","protected":false},"author":4,"featured_media":0,"parent":0,"menu_order":0,"comment_status":"closed","ping_status":"closed","template":"","meta":{"_acf_changed":false,"inline_featured_image":false,"footnotes":""},"class_list":["post-2856","page","type-page","status-publish","hentry"],"acf":[],"yoast_head":"<!-- This site is optimized with the Yoast SEO plugin v27.3 - https:\/\/yoast.com\/product\/yoast-seo-wordpress\/ -->\n<title>Destek bulun - FaMiPA<\/title>\n<meta name=\"description\" content=\"FaMiPA - Fachstelle Migration, Pflege und Alter: Berlin&#039;de g\u00f6\u00e7 ge\u00e7mi\u015fi olan ya\u015fl\u0131 vatanda\u015flar\u0131n haklar\u0131n\u0131, kat\u0131l\u0131m\u0131n\u0131 ve g\u00f6r\u00fcn\u00fcrl\u00fc\u011f\u00fcn\u00fc g\u00fc\u00e7lendiriyoruz.\" \/>\n<meta name=\"robots\" content=\"index, follow, max-snippet:-1, max-image-preview:large, max-video-preview:-1\" \/>\n<link rel=\"canonical\" href=\"https:\/\/famipaberlin.de\/tr\/hakkimizda-2\/\" \/>\n<meta property=\"og:locale\" content=\"tr_TR\" \/>\n<meta property=\"og:type\" content=\"article\" \/>\n<meta property=\"og:title\" content=\"Destek bulun - FaMiPA\" \/>\n<meta property=\"og:description\" content=\"FaMiPA - Fachstelle Migration, Pflege und Alter: Berlin&#039;de g\u00f6\u00e7 ge\u00e7mi\u015fi olan ya\u015fl\u0131 vatanda\u015flar\u0131n haklar\u0131n\u0131, kat\u0131l\u0131m\u0131n\u0131 ve g\u00f6r\u00fcn\u00fcrl\u00fc\u011f\u00fcn\u00fc g\u00fc\u00e7lendiriyoruz.\" \/>\n<meta property=\"og:url\" content=\"https:\/\/famipaberlin.de\/tr\/hakkimizda-2\/\" \/>\n<meta property=\"og:site_name\" content=\"FaMiPA\" \/>\n<meta property=\"article:modified_time\" content=\"2026-04-29T13:24:53+00:00\" \/>\n<meta property=\"og:image\" content=\"https:\/\/famipaberlin.de\/wp-content\/uploads\/07-1-scaled.jpg\" \/>\n\t<meta property=\"og:image:width\" content=\"2560\" \/>\n\t<meta property=\"og:image:height\" content=\"1810\" \/>\n\t<meta property=\"og:image:type\" content=\"image\/jpeg\" \/>\n<meta name=\"twitter:card\" content=\"summary_large_image\" \/>\n<meta name=\"twitter:label1\" content=\"Tahmini okuma s\u00fcresi\" \/>\n\t<meta name=\"twitter:data1\" content=\"13 dakika\" \/>\n<script type=\"application\/ld+json\" class=\"yoast-schema-graph\">{\"@context\":\"https:\\\/\\\/schema.org\",\"@graph\":[{\"@type\":\"WebPage\",\"@id\":\"https:\\\/\\\/famipaberlin.de\\\/tr\\\/hakkimizda-2\\\/\",\"url\":\"https:\\\/\\\/famipaberlin.de\\\/tr\\\/hakkimizda-2\\\/\",\"name\":\"Destek bulun - FaMiPA\",\"isPartOf\":{\"@id\":\"https:\\\/\\\/famipaberlin.de\\\/tr\\\/#website\"},\"primaryImageOfPage\":{\"@id\":\"https:\\\/\\\/famipaberlin.de\\\/tr\\\/hakkimizda-2\\\/#primaryimage\"},\"image\":{\"@id\":\"https:\\\/\\\/famipaberlin.de\\\/tr\\\/hakkimizda-2\\\/#primaryimage\"},\"thumbnailUrl\":\"https:\\\/\\\/famipaberlin.de\\\/wp-content\\\/uploads\\\/07-1-scaled.jpg\",\"datePublished\":\"2026-03-31T15:57:39+00:00\",\"dateModified\":\"2026-04-29T13:24:53+00:00\",\"description\":\"FaMiPA - Fachstelle Migration, Pflege und Alter: Berlin'de g\u00f6\u00e7 ge\u00e7mi\u015fi olan ya\u015fl\u0131 vatanda\u015flar\u0131n haklar\u0131n\u0131, kat\u0131l\u0131m\u0131n\u0131 ve g\u00f6r\u00fcn\u00fcrl\u00fc\u011f\u00fcn\u00fc g\u00fc\u00e7lendiriyoruz.\",\"breadcrumb\":{\"@id\":\"https:\\\/\\\/famipaberlin.de\\\/tr\\\/hakkimizda-2\\\/#breadcrumb\"},\"inLanguage\":\"tr\",\"potentialAction\":[{\"@type\":\"ReadAction\",\"target\":[\"https:\\\/\\\/famipaberlin.de\\\/tr\\\/hakkimizda-2\\\/\"]}]},{\"@type\":\"ImageObject\",\"inLanguage\":\"tr\",\"@id\":\"https:\\\/\\\/famipaberlin.de\\\/tr\\\/hakkimizda-2\\\/#primaryimage\",\"url\":\"https:\\\/\\\/famipaberlin.de\\\/wp-content\\\/uploads\\\/07-1-scaled.jpg\",\"contentUrl\":\"https:\\\/\\\/famipaberlin.de\\\/wp-content\\\/uploads\\\/07-1-scaled.jpg\"},{\"@type\":\"BreadcrumbList\",\"@id\":\"https:\\\/\\\/famipaberlin.de\\\/tr\\\/hakkimizda-2\\\/#breadcrumb\",\"itemListElement\":[{\"@type\":\"ListItem\",\"position\":1,\"name\":\"Startseite\",\"item\":\"https:\\\/\\\/famipaberlin.de\\\/tr\\\/\"},{\"@type\":\"ListItem\",\"position\":2,\"name\":\"Destek bulun\"}]},{\"@type\":\"WebSite\",\"@id\":\"https:\\\/\\\/famipaberlin.de\\\/tr\\\/#website\",\"url\":\"https:\\\/\\\/famipaberlin.de\\\/tr\\\/\",\"name\":\"FaMiPA\",\"description\":\"Teilhabe und Sichtbarkeit \u00e4lterer Migrant*innen in Berlin\",\"publisher\":{\"@id\":\"https:\\\/\\\/famipaberlin.de\\\/tr\\\/#organization\"},\"potentialAction\":[{\"@type\":\"SearchAction\",\"target\":{\"@type\":\"EntryPoint\",\"urlTemplate\":\"https:\\\/\\\/famipaberlin.de\\\/tr\\\/?s={search_term_string}\"},\"query-input\":{\"@type\":\"PropertyValueSpecification\",\"valueRequired\":true,\"valueName\":\"search_term_string\"}}],\"inLanguage\":\"tr\"},{\"@type\":\"Organization\",\"@id\":\"https:\\\/\\\/famipaberlin.de\\\/tr\\\/#organization\",\"name\":\"FaMiPA\",\"url\":\"https:\\\/\\\/famipaberlin.de\\\/tr\\\/\",\"logo\":{\"@type\":\"ImageObject\",\"inLanguage\":\"tr\",\"@id\":\"https:\\\/\\\/famipaberlin.de\\\/tr\\\/#\\\/schema\\\/logo\\\/image\\\/\",\"url\":\"https:\\\/\\\/famipaberlin.de\\\/wp-content\\\/uploads\\\/famipa-logo.svg\",\"contentUrl\":\"https:\\\/\\\/famipaberlin.de\\\/wp-content\\\/uploads\\\/famipa-logo.svg\",\"width\":143,\"height\":48,\"caption\":\"FaMiPA\"},\"image\":{\"@id\":\"https:\\\/\\\/famipaberlin.de\\\/tr\\\/#\\\/schema\\\/logo\\\/image\\\/\"}}]}<\/script>\n<!-- \/ Yoast SEO plugin. -->","yoast_head_json":{"title":"Destek bulun - FaMiPA","description":"FaMiPA - Fachstelle Migration, Pflege und Alter: Berlin'de g\u00f6\u00e7 ge\u00e7mi\u015fi olan ya\u015fl\u0131 vatanda\u015flar\u0131n haklar\u0131n\u0131, kat\u0131l\u0131m\u0131n\u0131 ve g\u00f6r\u00fcn\u00fcrl\u00fc\u011f\u00fcn\u00fc g\u00fc\u00e7lendiriyoruz.","robots":{"index":"index","follow":"follow","max-snippet":"max-snippet:-1","max-image-preview":"max-image-preview:large","max-video-preview":"max-video-preview:-1"},"canonical":"https:\/\/famipaberlin.de\/tr\/hakkimizda-2\/","og_locale":"tr_TR","og_type":"article","og_title":"Destek bulun - FaMiPA","og_description":"FaMiPA - Fachstelle Migration, Pflege und Alter: Berlin'de g\u00f6\u00e7 ge\u00e7mi\u015fi olan ya\u015fl\u0131 vatanda\u015flar\u0131n haklar\u0131n\u0131, kat\u0131l\u0131m\u0131n\u0131 ve g\u00f6r\u00fcn\u00fcrl\u00fc\u011f\u00fcn\u00fc g\u00fc\u00e7lendiriyoruz.","og_url":"https:\/\/famipaberlin.de\/tr\/hakkimizda-2\/","og_site_name":"FaMiPA","article_modified_time":"2026-04-29T13:24:53+00:00","og_image":[{"width":2560,"height":1810,"url":"https:\/\/famipaberlin.de\/wp-content\/uploads\/07-1-scaled.jpg","type":"image\/jpeg"}],"twitter_card":"summary_large_image","twitter_misc":{"Tahmini okuma s\u00fcresi":"13 dakika"},"schema":{"@context":"https:\/\/schema.org","@graph":[{"@type":"WebPage","@id":"https:\/\/famipaberlin.de\/tr\/hakkimizda-2\/","url":"https:\/\/famipaberlin.de\/tr\/hakkimizda-2\/","name":"Destek bulun - FaMiPA","isPartOf":{"@id":"https:\/\/famipaberlin.de\/tr\/#website"},"primaryImageOfPage":{"@id":"https:\/\/famipaberlin.de\/tr\/hakkimizda-2\/#primaryimage"},"image":{"@id":"https:\/\/famipaberlin.de\/tr\/hakkimizda-2\/#primaryimage"},"thumbnailUrl":"https:\/\/famipaberlin.de\/wp-content\/uploads\/07-1-scaled.jpg","datePublished":"2026-03-31T15:57:39+00:00","dateModified":"2026-04-29T13:24:53+00:00","description":"FaMiPA - Fachstelle Migration, Pflege und Alter: Berlin'de g\u00f6\u00e7 ge\u00e7mi\u015fi olan ya\u015fl\u0131 vatanda\u015flar\u0131n haklar\u0131n\u0131, kat\u0131l\u0131m\u0131n\u0131 ve g\u00f6r\u00fcn\u00fcrl\u00fc\u011f\u00fcn\u00fc g\u00fc\u00e7lendiriyoruz.","breadcrumb":{"@id":"https:\/\/famipaberlin.de\/tr\/hakkimizda-2\/#breadcrumb"},"inLanguage":"tr","potentialAction":[{"@type":"ReadAction","target":["https:\/\/famipaberlin.de\/tr\/hakkimizda-2\/"]}]},{"@type":"ImageObject","inLanguage":"tr","@id":"https:\/\/famipaberlin.de\/tr\/hakkimizda-2\/#primaryimage","url":"https:\/\/famipaberlin.de\/wp-content\/uploads\/07-1-scaled.jpg","contentUrl":"https:\/\/famipaberlin.de\/wp-content\/uploads\/07-1-scaled.jpg"},{"@type":"BreadcrumbList","@id":"https:\/\/famipaberlin.de\/tr\/hakkimizda-2\/#breadcrumb","itemListElement":[{"@type":"ListItem","position":1,"name":"Startseite","item":"https:\/\/famipaberlin.de\/tr\/"},{"@type":"ListItem","position":2,"name":"Destek bulun"}]},{"@type":"WebSite","@id":"https:\/\/famipaberlin.de\/tr\/#website","url":"https:\/\/famipaberlin.de\/tr\/","name":"FaMiPA","description":"Teilhabe und Sichtbarkeit \u00e4lterer Migrant*innen in Berlin","publisher":{"@id":"https:\/\/famipaberlin.de\/tr\/#organization"},"potentialAction":[{"@type":"SearchAction","target":{"@type":"EntryPoint","urlTemplate":"https:\/\/famipaberlin.de\/tr\/?s={search_term_string}"},"query-input":{"@type":"PropertyValueSpecification","valueRequired":true,"valueName":"search_term_string"}}],"inLanguage":"tr"},{"@type":"Organization","@id":"https:\/\/famipaberlin.de\/tr\/#organization","name":"FaMiPA","url":"https:\/\/famipaberlin.de\/tr\/","logo":{"@type":"ImageObject","inLanguage":"tr","@id":"https:\/\/famipaberlin.de\/tr\/#\/schema\/logo\/image\/","url":"https:\/\/famipaberlin.de\/wp-content\/uploads\/famipa-logo.svg","contentUrl":"https:\/\/famipaberlin.de\/wp-content\/uploads\/famipa-logo.svg","width":143,"height":48,"caption":"FaMiPA"},"image":{"@id":"https:\/\/famipaberlin.de\/tr\/#\/schema\/logo\/image\/"}}]}},"_links":{"self":[{"href":"https:\/\/famipaberlin.de\/tr\/wp-json\/wp\/v2\/pages\/2856","targetHints":{"allow":["GET"]}}],"collection":[{"href":"https:\/\/famipaberlin.de\/tr\/wp-json\/wp\/v2\/pages"}],"about":[{"href":"https:\/\/famipaberlin.de\/tr\/wp-json\/wp\/v2\/types\/page"}],"author":[{"embeddable":true,"href":"https:\/\/famipaberlin.de\/tr\/wp-json\/wp\/v2\/users\/4"}],"replies":[{"embeddable":true,"href":"https:\/\/famipaberlin.de\/tr\/wp-json\/wp\/v2\/comments?post=2856"}],"version-history":[{"count":10,"href":"https:\/\/famipaberlin.de\/tr\/wp-json\/wp\/v2\/pages\/2856\/revisions"}],"predecessor-version":[{"id":3812,"href":"https:\/\/famipaberlin.de\/tr\/wp-json\/wp\/v2\/pages\/2856\/revisions\/3812"}],"wp:attachment":[{"href":"https:\/\/famipaberlin.de\/tr\/wp-json\/wp\/v2\/media?parent=2856"}],"curies":[{"name":"wp","href":"https:\/\/api.w.org\/{rel}","templated":true}]}}